{"id":3294,"date":"2025-07-01T12:35:34","date_gmt":"2025-07-01T15:35:34","guid":{"rendered":"https:\/\/www.filmmisiones.iaavim.gob.ar\/?page_id=3294"},"modified":"2025-08-14T13:00:50","modified_gmt":"2025-08-14T16:00:50","slug":"pasaje-de-la-ribera","status":"publish","type":"page","link":"https:\/\/www.filmmisiones.iaavim.gob.ar\/?page_id=3294","title":{"rendered":"Pasaje de la Ribera"},"content":{"rendered":"<div class=\"wpb-content-wrapper\"><p>[vc_row full_width=\u00bbstretch_row_content\u00bb][vc_column][vc_single_image image=\u00bb3297&#8243; img_size=\u00bbfull\u00bb alignment=\u00bbcenter\u00bb css=\u00bb\u00bb][\/vc_column][\/vc_row][vc_row][vc_column]<style type=\"text\/css\">\r\n\t\t\t\t .vcmp-carousel-1 {\r\n\t\t\t\t\tcolor:#383838;\t\t\t\t\t \r\n\t\t\t\t }\r\n\t\t\t\t .vcmp-carousel-1 h1 {\r\n\t\t\t\t\tfont-size: !important;\r\n\t\t\t\t }\r\n\t\t\t\t .vcmp-carousel-1 a {\r\n\t\t\t\t\tcolor:#383838;\r\n\t\t\t\t }\r\n\t\t\t\t .vcmp-carousel-1 a:hover {\r\n\t\t\t\t\tcolor:#8a8a8a;\r\n\t\t\t\t }\t\t\t\t\t \t\t\t\t \r\n\t\t\t\t .vcmp-carousel-1 .vcmp-item,\r\n\t\t\t\t .vcmp-carousel-1 .vcmp-image-over .adtheme-icon-plus,\r\n\t\t\t\t .vcmp-carousel-1 .vcmp-image-over .adtheme-icon-search,\r\n\t\t\t\t .vcmp-controls ul li {\r\n\t\t\t\t\tbackground:#ffffff;\r\n\t\t\t\t}\r\n\t\t\t\t.vcmp-carousel-1 .vcmp-item:hover .vcmp-image-over {\r\n\t\t\t\t\tbackground:rgba(0,0,0,0.3);\r\n\t\t\t\t}\r\n\t\t\t\t.vcmp-carousel-1 .vcmp-item .vcmp-title {\r\n\t\t\t\t\tbackground:rgba(0,0,0,0.3);\r\n\t\t\t\t\tcolor:#ffffff;\r\n\t\t\t\t}\t\t\t\t\r\n\t\t\t\t.vcmp-carousel-1 .vcmp-pagination a {\r\n\t\t\t\t\tbackground:#ffffff;\r\n\t\t\t\t}\r\n\t\t\t\t.vcmp-carousel-1 .vcmp-item:hover .vcmp-image-over {\r\n\t\t\t\t\tbackground:rgba(0,0,0,0.3);\r\n\t\t\t\t}\r\n\t\t\t\t.vcmp-carousel-1 .vcmp-image-over .adtheme-icon-plus {\r\n\t\t\t\t\tcolor:#383838;\r\n\t\t\t\t}\r\n\t\t\t\t.vcmp-carousel-1 .vcmp-image-over .adtheme-icon-plus {\r\n\t\t\t\t\tborder-color:#383838;\r\n\t\t\t\t}\t\t\t\t\r\n\t\t\t\t.vcmp-carousel-1 .vcmp-image-over .adtheme-icon-plus:hover,\r\n\t\t\t\t.vcmp-carousel-1 .vcmp-image-over .adtheme-icon-search:hover {\r\n\t\t\t\t\tcolor:#8a8a8a;\r\n\t\t\t\t}\r\n\t\t\t\t.vcmp-carousel-1 .owl-item\t{\r\n\t\t\t\t\tpadding:;\r\n\t\t\t\t}\r\n\t\t\t\t.vcmp-carousel.owl-theme .owl-controls .owl-buttons div {\r\n\t\t\t\t\tbackground:rgba(0,0,0,0.3);\r\n\t\t\t\t}<\/style>\r\n\t\t\t<script>\r\n\t\t\tjQuery(document).ready(function($){\r\n      \t\t\t$(\".vcmp-carousel-1\").owlCarousel({\r\n\t\t\t\t\titems : 4,\r\n\t\t\t\t\tautoPlay: false,\r\n\t\t\t\t\tnavigation: true,\r\n\t\t\t\t\tpagination: true,\r\n\t\t\t\t\titemsTablet: [1025,2],\r\n\t\t\t\t\titemsMobile: [479,1],\r\n\t\t\t\t\tnavigationText: ['<i class=\"adtheme-icon-arrow-left\"><\/i>','<i class=\"adtheme-icon-arrow-right\"><\/i>'] \t\t\t\t\r\n\t\t\t\t});\r\n\t\t\t});\r\n\t\t\t<\/script><script type=\"text\/javascript\">\t\r\n\t\t\t\t\t\t\t\tjQuery(document).ready(function($){\r\n\t\t\t\t\t\t\t\t\t$('.vcmp-carousel-1 .vcmp-zoom-image').magnificPopup({\r\n\t\t\t\t\t\t\t\t\t\ttype: 'image',\r\n\t\t\t\t\t\t\t\t\t\t\tgallery:{\r\n\t\t\t\t\t\t\t\t\t\t\t\tenabled:true\r\n\t\t\t\t\t\t\t\t\t\t\t}\r\n\t\t\t\t\t\t\t\t\t});\r\n\t\t\t\t\t\t\t\t});\r\n\t\t\t\t\t\t\t<\/script><div class=\"vcmp-carousel vcmp-1 vcmp-carousel-style1 vcmp-carousel-1 owl-carousel\"><div class=\"vcmp-item\"><div class=\"vcmp-container-thumbs\"><div class=\"vcmp-header-container\"><img decoding=\"async\" src=\"https:\/\/www.filmmisiones.iaavim.gob.ar\/wp-content\/uploads\/2025\/07\/7Pasaje-a-la-Ribera-1200x800.jpg\"><\/div><div class=\"vcmp-image-over\"><a href=\"https:\/\/www.filmmisiones.iaavim.gob.ar\/wp-content\/uploads\/2025\/07\/7Pasaje-a-la-Ribera-1200x800.jpg\" class=\"adtheme-icon-search vcmp-zoom-image\" title=\" \" ><\/a><\/div><\/div><\/div><div class=\"vcmp-item\"><div class=\"vcmp-container-thumbs\"><div class=\"vcmp-header-container\"><img decoding=\"async\" src=\"https:\/\/www.filmmisiones.iaavim.gob.ar\/wp-content\/uploads\/2025\/07\/6Pasaje-a-la-Ribera-1200x800.jpg\"><\/div><div class=\"vcmp-image-over\"><a href=\"https:\/\/www.filmmisiones.iaavim.gob.ar\/wp-content\/uploads\/2025\/07\/6Pasaje-a-la-Ribera-1200x800.jpg\" class=\"adtheme-icon-search vcmp-zoom-image\" title=\" \" ><\/a><\/div><\/div><\/div><div class=\"vcmp-item\"><div class=\"vcmp-container-thumbs\"><div class=\"vcmp-header-container\"><img decoding=\"async\" src=\"https:\/\/www.filmmisiones.iaavim.gob.ar\/wp-content\/uploads\/2025\/07\/5Pasaje-a-la-Ribera-1200x800.jpg\"><\/div><div class=\"vcmp-image-over\"><a href=\"https:\/\/www.filmmisiones.iaavim.gob.ar\/wp-content\/uploads\/2025\/07\/5Pasaje-a-la-Ribera-1200x800.jpg\" class=\"adtheme-icon-search vcmp-zoom-image\" title=\" \" ><\/a><\/div><\/div><\/div><div class=\"vcmp-item\"><div class=\"vcmp-container-thumbs\"><div class=\"vcmp-header-container\"><img decoding=\"async\" src=\"https:\/\/www.filmmisiones.iaavim.gob.ar\/wp-content\/uploads\/2025\/07\/4Pasaje-a-la-Ribera-1200x800.jpg\"><\/div><div class=\"vcmp-image-over\"><a href=\"https:\/\/www.filmmisiones.iaavim.gob.ar\/wp-content\/uploads\/2025\/07\/4Pasaje-a-la-Ribera-1200x800.jpg\" class=\"adtheme-icon-search vcmp-zoom-image\" title=\" \" ><\/a><\/div><\/div><\/div><div class=\"vcmp-item\"><div class=\"vcmp-container-thumbs\"><div class=\"vcmp-header-container\"><img decoding=\"async\" src=\"https:\/\/www.filmmisiones.iaavim.gob.ar\/wp-content\/uploads\/2025\/07\/3Pasaje-a-la-Ribera-1200x800.jpg\"><\/div><div class=\"vcmp-image-over\"><a href=\"https:\/\/www.filmmisiones.iaavim.gob.ar\/wp-content\/uploads\/2025\/07\/3Pasaje-a-la-Ribera-1200x800.jpg\" class=\"adtheme-icon-search vcmp-zoom-image\" title=\" \" ><\/a><\/div><\/div><\/div><div class=\"vcmp-item\"><div class=\"vcmp-container-thumbs\"><div class=\"vcmp-header-container\"><img decoding=\"async\" src=\"https:\/\/www.filmmisiones.iaavim.gob.ar\/wp-content\/uploads\/2025\/07\/2Pasaje-a-la-Ribera-1200x800.jpg\"><\/div><div class=\"vcmp-image-over\"><a href=\"https:\/\/www.filmmisiones.iaavim.gob.ar\/wp-content\/uploads\/2025\/07\/2Pasaje-a-la-Ribera-1200x800.jpg\" class=\"adtheme-icon-search vcmp-zoom-image\" title=\" \" ><\/a><\/div><\/div><\/div><\/div>[\/vc_column][\/vc_row][vc_row][vc_column][vc_empty_space][\/vc_column][\/vc_row][vc_row full_width=\u00bbstretch_row\u00bb][vc_column][chase_text_block style=\u00bbstyle3&#8243;]<\/p>\n<p style=\"text-align: center;\">El Pasaje de la Ribera, es un peque\u00f1o y corto pasaje dentro del Barrio Aguacates. Tiene una distancia de una cuadra que atraviesa internamente la calle \u00c1ngel Acu\u00f1a hasta la calle Roque Gonz\u00e1lez. El acceso al pasaje queda exactamente al lado de la Capilla San Roque del barrio antes menci0nado por calle \u00c1ngel Acu\u00f1a y su salida da a la calle Roque Gonz\u00e1lez donde termina, ya que al salir se accede directamente a las escalinatas que llevan a la Costanera Kemerer.<\/p>\n<p>[\/chase_text_block][vc_empty_space height=\u00bb22px\u00bb][\/vc_column][\/vc_row][vc_row][vc_column][chase_text]<\/p>\n<h1 style=\"text-align: center;\">Pasaje de la Ribera<\/h1>\n<p>[\/chase_text][vc_empty_space height=\u00bb22px\u00bb][\/vc_column][\/vc_row][vc_row][vc_column width=\u00bb1\/4&#8243;][chase_text]<\/p>\n<h4><span style=\"font-size: 12pt;\">Municipio:<\/span><br \/>\n<span style=\"font-size: 12pt;\">Posadas<\/span><\/h4>\n<p>[\/chase_text][vc_empty_space height=\u00bb22px\u00bb][\/vc_column][vc_column width=\u00bb1\/4&#8243;][chase_text]<\/p>\n<h6><span style=\"font-size: 12pt;\">Sitio web:<\/span><br \/>\n<span style=\"font-size: 12pt;\">&#8212;<\/span><\/h6>\n<p>[\/chase_text][vc_empty_space height=\u00bb22px\u00bb][\/vc_column][vc_column width=\u00bb1\/4&#8243;][chase_text]<\/p>\n<h4><span style=\"font-size: 12pt;\">Ciudad:<\/span><br \/>\n<span style=\"font-size: 12pt;\">Posadas<\/span><\/h4>\n<p>[\/chase_text][vc_empty_space height=\u00bb22px\u00bb][\/vc_column][vc_column width=\u00bb1\/4&#8243;][chase_text]<\/p>\n<h4><span style=\"font-size: 10pt;\">RRSS:<\/span><br \/>\n<span style=\"font-size: 10pt;\">&#8212;<\/span><\/h4>\n<p>[\/chase_text][vc_empty_space height=\u00bb22px\u00bb][\/vc_column][\/vc_row][vc_row][vc_column width=\u00bb1\/5&#8243;][vc_single_image image=\u00bb2318&#8243; img_size=\u00bb100&#215;100&#8243; alignment=\u00bbcenter\u00bb css=\u00bb\u00bb][chase_text]<\/p>\n<p style=\"text-align: center;\">Permiso<br \/>\nP\u00fablico<\/p>\n<p>[\/chase_text][\/vc_column][vc_column width=\u00bb1\/5&#8243;][vc_single_image image=\u00bb2317&#8243; img_size=\u00bb100&#215;100&#8243; alignment=\u00bbcenter\u00bb css=\u00bb\u00bb][chase_text]<\/p>\n<p style=\"text-align: center;\">Energ\u00eda<br \/>\nEl\u00e9ctrica<\/p>\n<p>[\/chase_text][\/vc_column][vc_column width=\u00bb1\/5&#8243;][vc_single_image image=\u00bb2320&#8243; img_size=\u00bb100&#215;100&#8243; alignment=\u00bbcenter\u00bb css=\u00bb\u00bb][chase_text]<\/p>\n<p style=\"text-align: center;\">Paso<br \/>\nInternacional<\/p>\n<p>[\/chase_text][\/vc_column][vc_column width=\u00bb1\/5&#8243;][vc_single_image image=\u00bb2315&#8243; img_size=\u00bb100&#215;100&#8243; alignment=\u00bbcenter\u00bb css=\u00bb\u00bb][chase_text]<\/p>\n<p style=\"text-align: center;\">Aeropuerto<\/p>\n<p>[\/chase_text][\/vc_column][vc_column width=\u00bb1\/5&#8243;][vc_single_image image=\u00bb2322&#8243; img_size=\u00bb100&#215;100&#8243; alignment=\u00bbcenter\u00bb css=\u00bb\u00bb][chase_text]<\/p>\n<p style=\"text-align: center;\">Espacio<br \/>\nP\u00fablico<\/p>\n<p>[\/chase_text][\/vc_column][\/vc_row][vc_row][vc_column width=\u00bb1\/5&#8243;][\/vc_column][vc_column width=\u00bb1\/5&#8243;][vc_single_image image=\u00bb2313&#8243; img_size=\u00bb100&#215;100&#8243; alignment=\u00bbcenter\u00bb css=\u00bb\u00bb][chase_text]<\/p>\n<p style=\"text-align: center;\">Acceso asfaltado<\/p>\n<p>[\/chase_text][\/vc_column][vc_column width=\u00bb1\/5&#8243;][vc_single_image image=\u00bb2459&#8243; img_size=\u00bb100&#215;100&#8243; alignment=\u00bbcenter\u00bb css=\u00bb\u00bb][chase_text]<\/p>\n<p style=\"text-align: center;\"><a href=\"https:\/\/misiones.tur.ar\/alojamiento\/\" target=\"_blank\" rel=\"noopener\">Hoteler\u00eda<\/a><\/p>\n<p>[\/chase_text][\/vc_column][vc_column width=\u00bb1\/5&#8243;][vc_single_image image=\u00bb2569&#8243; img_size=\u00bb100&#215;100&#8243; alignment=\u00bbcenter\u00bb css=\u00bb\u00bb][chase_text]<\/p>\n<p style=\"text-align: center;\"><a href=\"https:\/\/misiones.tur.ar\/alojamiento\/\" target=\"_blank\" rel=\"noopener\">Salud<\/a><\/p>\n<p>[\/chase_text][\/vc_column][vc_column width=\u00bb1\/5&#8243;][\/vc_column][\/vc_row][vc_row][vc_column width=\u00bb1\/5&#8243;][\/vc_column][vc_column width=\u00bb1\/5&#8243;][\/vc_column][vc_column width=\u00bb1\/5&#8243;][\/vc_column][vc_column width=\u00bb1\/5&#8243;][\/vc_column][vc_column width=\u00bb1\/5&#8243;][\/vc_column][\/vc_row][vc_row][vc_column][vc_empty_space][\/vc_column][\/vc_row][vc_row][vc_column][chase_text]<\/p>\n<h4 style=\"text-align: left;\">Ubicaci\u00f3n<\/h4>\n<p>[\/chase_text][chase_text]<iframe loading=\"lazy\" style=\"border: 0;\" src=\"https:\/\/www.google.com\/maps\/embed?pb=!1m18!1m12!1m3!1d885.9291084499363!2d-55.89551827146759!3d-27.353332407362135!2m3!1f0!2f0!3f0!3m2!1i1024!2i768!4f13.1!3m3!1m2!1s0x9457bf00633506f9%3A0x501bb0877d9ca409!2sPasaje%20de%20la%20Ribera!5e0!3m2!1ses!2sar!4v1751385366490!5m2!1ses!2sar\" width=\"1000\" height=\"450\" allowfullscreen=\"allowfullscreen\"><\/iframe>[\/chase_text][vc_empty_space height=\u00bb10px\u00bb][\/vc_column][\/vc_row]<\/p>\n<\/div>","protected":false},"excerpt":{"rendered":"<p>[vc_row full_width=\u00bbstretch_row_content\u00bb][vc_column][vc_single_image image=\u00bb3297&#8243; img_size=\u00bbfull\u00bb alignment=\u00bbcenter\u00bb css=\u00bb\u00bb][\/vc_column][\/vc_row][vc_row][vc_column][\/vc_column][\/vc_row][vc_row][vc_column][vc_empty_space][\/vc_column][\/vc_row][vc_row full_width=\u00bbstretch_row\u00bb][vc_column][chase_text_block style=\u00bbstyle3&#8243;] El Pasaje de la Ribera, es un peque\u00f1o y corto pasaje dentro del Barrio Aguacates. Tiene una distancia de una cuadra que atraviesa internamente la calle \u00c1ngel Acu\u00f1a hasta la calle Roque Gonz\u00e1lez. El acceso al pasaje queda exactamente al lado de la Capilla San Roque del [&hellip;]<\/p>\n","protected":false},"author":2,"featured_media":0,"parent":0,"menu_order":0,"comment_status":"closed","ping_status":"closed","template":"","meta":{"footnotes":""},"class_list":["post-3294","page","type-page","status-publish","hentry"],"_links":{"self":[{"href":"https:\/\/www.filmmisiones.iaavim.gob.ar\/index.php?rest_route=\/wp\/v2\/pages\/3294","targetHints":{"allow":["GET"]}}],"collection":[{"href":"https:\/\/www.filmmisiones.iaavim.gob.ar\/index.php?rest_route=\/wp\/v2\/pages"}],"about":[{"href":"https:\/\/www.filmmisiones.iaavim.gob.ar\/index.php?rest_route=\/wp\/v2\/types\/page"}],"author":[{"embeddable":true,"href":"https:\/\/www.filmmisiones.iaavim.gob.ar\/index.php?rest_route=\/wp\/v2\/users\/2"}],"replies":[{"embeddable":true,"href":"https:\/\/www.filmmisiones.iaavim.gob.ar\/index.php?rest_route=%2Fwp%2Fv2%2Fcomments&post=3294"}],"version-history":[{"count":8,"href":"https:\/\/www.filmmisiones.iaavim.gob.ar\/index.php?rest_route=\/wp\/v2\/pages\/3294\/revisions"}],"predecessor-version":[{"id":3884,"href":"https:\/\/www.filmmisiones.iaavim.gob.ar\/index.php?rest_route=\/wp\/v2\/pages\/3294\/revisions\/3884"}],"wp:attachment":[{"href":"https:\/\/www.filmmisiones.iaavim.gob.ar\/index.php?rest_route=%2Fwp%2Fv2%2Fmedia&parent=3294"}],"curies":[{"name":"wp","href":"https:\/\/api.w.org\/{rel}","templated":true}]}}